{"id":2,"date":"2025-07-27T13:01:16","date_gmt":"2025-07-27T13:01:16","guid":{"rendered":"https:\/\/aranyhazegyesulet.hu\/?page_id=2"},"modified":"2026-03-24T10:11:59","modified_gmt":"2026-03-24T10:11:59","slug":"sample-page","status":"publish","type":"page","link":"https:\/\/aranyhazegyesulet.hu\/","title":{"rendered":"Sample Page"},"content":{"rendered":"<p>[et_pb_section fb_built=&#8221;1&#8243; theme_builder_area=&#8221;post_content&#8221; _builder_version=&#8221;4.27.6&#8243; _module_preset=&#8221;default&#8221; custom_padding=&#8221;2px||2px|||&#8221;][et_pb_row _builder_version=&#8221;4.27.6&#8243; _module_preset=&#8221;default&#8221; theme_builder_area=&#8221;post_content&#8221;][et_pb_column _builder_version=&#8221;4.27.6&#8243; _module_preset=&#8221;default&#8221; type=&#8221;4_4&#8243; theme_builder_area=&#8221;post_content&#8221;][et_pb_image _builder_version=&#8221;4.27.6&#8243; _module_preset=&#8221;default&#8221; theme_builder_area=&#8221;post_content&#8221; title_text=&#8221;arany1&#8243; src=&#8221;https:\/\/aranyhazegyesulet.hu\/wp-content\/uploads\/2026\/03\/arany1.jpg&#8221; hover_enabled=&#8221;0&#8243; sticky_enabled=&#8221;0&#8243; align=&#8221;center&#8221;][\/et_pb_image][\/et_pb_column][\/et_pb_row][\/et_pb_section][et_pb_section fb_built=&#8221;1&#8243; admin_label=&#8221;section&#8221; module_class=&#8221;link&#8221; _builder_version=&#8221;4.27.4&#8243; global_colors_info=&#8221;{}&#8221; custom_padding=&#8221;1px|||||&#8221;][et_pb_row admin_label=&#8221;row&#8221; _builder_version=&#8221;4.27.4&#8243; background_size=&#8221;initial&#8221; background_position=&#8221;top_left&#8221; background_repeat=&#8221;repeat&#8221; animation_style=&#8221;fade&#8221; scroll_fade_enable=&#8221;on&#8221; scroll_scaling_enable=&#8221;on&#8221; motion_trigger_start=&#8221;top&#8221; global_colors_info=&#8221;{}&#8221; custom_padding=&#8221;6px|||||&#8221;][et_pb_column type=&#8221;4_4&#8243; _builder_version=&#8221;4.16&#8243; custom_padding=&#8221;|||&#8221; global_colors_info=&#8221;{}&#8221; custom_padding__hover=&#8221;|||&#8221;][et_pb_text _builder_version=&#8221;4.27.4&#8243; _module_preset=&#8221;default&#8221; hover_transition_duration=&#8221;650ms&#8221; hover_transition_delay=&#8221;50ms&#8221; scroll_scaling=&#8221;0|26|26|100|70|100|100&#8243; motion_trigger_start=&#8221;top&#8221; global_colors_info=&#8221;{}&#8221;]<\/p>\n<p>Hossz\u00fa \u00e9veken \u00e1t sikeresen m\u0171k\u00f6d\u00f6tt a kom\u00e1romi sz\u00e9khely\u0171 Csudij\u00f3 Egyes\u00fclet, melynek c\u00e9lja \u00e9s f\u0151 tev\u00e9kenys\u00e9ge fiatalok szabadid\u0151s tev\u00e9kenys\u00e9g\u00e9nek elt\u00f6lt\u00e9s\u00e9hez programok szervez\u00e9se, gyermekek \u00e9s fiatalok t\u00e1boroztat\u00e1sa. A j\u00e1t\u00e9kos, k\u00e9zm\u0171ves \u00e9s hagyom\u00e1ny\u00e1pol\u00f3 tev\u00e9kenys\u00e9gek szervez\u00e9se sor\u00e1n az \u00e9p fiatalok s\u00e9r\u00fclt t\u00e1rsaikkal egy\u00fcttesen, k\u00f6z\u00f6sen vehettek r\u00e9szt a tev\u00e9kenys\u00e9gekben, azaz egyfajta t\u00e1rsadalmi \u00e9rz\u00e9keny\u00edt\u0151 tev\u00e9kenys\u00e9get is ell\u00e1tott az egyes\u00fclet.<\/p>\n<p>[\/et_pb_text][et_pb_text _builder_version=&#8221;4.27.4&#8243; _module_preset=&#8221;default&#8221; scroll_fade_enable=&#8221;on&#8221; motion_trigger_start=&#8221;top&#8221; global_colors_info=&#8221;{}&#8221;]<\/p>\n<p>2025. \u00e9vben szem\u00e9lyes \u00e9rintetts\u00e9gek ok\u00e1n az egyes\u00fclet f\u0151 c\u00e9ljait \u00e9s tev\u00e9kenys\u00e9g\u00e9t \u00fajragondolva, r\u00e9szben meg\u00fajulva, tagl\u00e9tsz\u00e1m\u00e1t megsokszorozva \u00faj n\u00e9ven \u2013 imm\u00e1r <strong>Aranyh\u00e1z Egyes\u00fclet<\/strong>k\u00e9nt folytatja munk\u00e1j\u00e1t k\u00f6z\u00f6ss\u00e9g\u00fcnk.<\/p>\n<p>[\/et_pb_text][et_pb_text _builder_version=&#8221;4.27.4&#8243; _module_preset=&#8221;default&#8221; animation_style=&#8221;fade&#8221; animation_speed_curve=&#8221;ease-in&#8221; motion_trigger_start=&#8221;top&#8221; global_colors_info=&#8221;{}&#8221;]<\/p>\n<p>Egyes\u00fclet\u00fcnk f\u0151 c\u00e9lja egy hi\u00e1nyz\u00f3 szoci\u00e1lis ell\u00e1t\u00e1s l\u00e9trehoz\u00e1sa \u00e9s m\u0171k\u00f6dtet\u00e9se, mely a t\u00e9rs\u00e9g\u00fcnkben az autizmussal \u00e9l\u0151 feln\u0151tt szem\u00e9lyek nappali ell\u00e1t\u00e1s\u00e1t, a hossz\u00fa t\u00e1v\u00fa lakhat\u00e1st ny\u00fajt\u00f3 ell\u00e1t\u00e1s\u00e1t fogja megoldani. A jelenlegi ell\u00e1t\u00e1sok nem tudj\u00e1k lefedni a jelentkez\u0151 ig\u00e9nyeket. Ezen k\u00edv\u00e1nunk v\u00e1ltoztatni.<\/p>\n<p><strong>Olyan szolg\u00e1ltat\u00e1sok l\u00e9treh\u00edv\u00e1s\u00e1t \u00e1lmodtuk meg \u00e9s t\u0171zt\u00fck ki c\u00e9lk\u00e9nt, amely el\u0151seg\u00edti az autizmussal \u00e9s \u00e9rtelmi fogyat\u00e9koss\u00e1ggal \u00e9l\u0151 feln\u0151tt szem\u00e9lyek v\u00e9dett foglalkoztat\u00e1s\u00e1t \u00e9s fejl\u0151d\u00e9s\u00fcket, ezzel egy\u00fctt az es\u00e9lyegyenl\u0151s\u00e9get \u00e9s a t\u00e1rsadalomba val\u00f3 beilleszked\u00e9s\u00fcket.<\/strong><\/p>\n<p>[\/et_pb_text][\/et_pb_column][\/et_pb_row][\/et_pb_section][et_pb_section fb_built=&#8221;1&#8243; custom_padding_last_edited=&#8221;on|phone&#8221; admin_label=&#8221;section&#8221; module_id=&#8221;nappali&#8221; _builder_version=&#8221;4.27.4&#8243; background_color=&#8221;#f4f4f4&#8243; custom_padding=&#8221;87px|||||&#8221; custom_padding_tablet=&#8221;87px|||||&#8221; custom_padding_phone=&#8221;87px||0px||false|false&#8221; global_colors_info=&#8221;{}&#8221;][et_pb_row admin_label=&#8221;row&#8221; _builder_version=&#8221;4.27.4&#8243; background_size=&#8221;initial&#8221; background_position=&#8221;top_left&#8221; background_repeat=&#8221;repeat&#8221; custom_padding=&#8221;2px|||||&#8221; scroll_fade_enable=&#8221;on&#8221; scroll_scaling_enable=&#8221;on&#8221; motion_trigger_start=&#8221;top&#8221; global_colors_info=&#8221;{}&#8221;][et_pb_column type=&#8221;4_4&#8243; _builder_version=&#8221;4.16&#8243; custom_padding=&#8221;|||&#8221; global_colors_info=&#8221;{}&#8221; custom_padding__hover=&#8221;|||&#8221;][dsm_block_reveal_text block_reveal_text=&#8221;Nappali ell\u00e1t\u00e1s&#8221; block_reveal_color=&#8221;#C0A11A&#8221; block_reveal_delay=&#8221;0.2&#8243; block_reveal_viewport=&#8221;100%&#8221; _builder_version=&#8221;4.27.4&#8243; _module_preset=&#8221;default&#8221; header_font=&#8221;||||||||&#8221; header_text_color=&#8221;#C0A11A&#8221; header_line_height=&#8221;1.3em&#8221; global_colors_info=&#8221;{}&#8221;][\/dsm_block_reveal_text][et_pb_text _builder_version=&#8221;4.27.4&#8243; _module_preset=&#8221;default&#8221; animation_style=&#8221;fade&#8221; animation_speed_curve=&#8221;ease-in&#8221; motion_trigger_start=&#8221;top&#8221; global_colors_info=&#8221;{}&#8221;]<\/p>\n<p>A szoci\u00e1lis ell\u00e1t\u00e1s keret\u00e9ben a l\u00e9trehozott nappali int\u00e9zm\u00e9ny \u00e9s t\u00e1mogatott lakhat\u00e1s biztos\u00edtja majd valamennyi szoci\u00e1lis szolg\u00e1ltat\u00e1si elemet: az esetkezel\u00e9st, a tan\u00e1csad\u00e1st, a pedag\u00f3giai- \u00e9s gy\u00f3gypedag\u00f3giai szolg\u00e1ltat\u00e1st, k\u00e9szs\u00e9gfejleszt\u00e9st, h\u00e1ztart\u00e1si- vagy h\u00e1ztart\u00e1st p\u00f3tl\u00f3 seg\u00edts\u00e9gny\u00fajt\u00e1st, \u00e9tkeztet\u00e9st, gondoz\u00e1st \u00e9s fel\u00fcgyeletet. A tev\u00e9kenys\u00e9gek sor\u00e1n az ell\u00e1t\u00e1st ig\u00e9nybe vev\u0151k autizmus-specifikus, individu\u00e1lis fejleszt\u00e9s\u00e9t is biztos\u00edtani fogjuk. <strong>A nappali ell\u00e1t\u00e1s biztos\u00edtja majd a napk\u00f6zbeni tart\u00f3zkod\u00e1sra, t\u00e1rsas kapcsolatokra, valamint az ig\u00e9nybe vev\u0151k alapvet\u0151 higi\u00e9niai sz\u00fcks\u00e9gleteik kiel\u00e9g\u00edt\u00e9s\u00e9re, ig\u00e9ny szerinti \u00e9tkeztet\u00e9sre.<\/strong><\/p>\n<p>A nappali ell\u00e1t\u00e1st biztos\u00edt\u00f3 int\u00e9zm\u00e9ny els\u0151sorban, de nem kiz\u00e1r\u00f3lagosan autista szem\u00e9lyek r\u00e9sz\u00e9re szoci\u00e1lis, eg\u00e9szs\u00e9gi, ment\u00e1lis \u00e1llapotuknak megfelel\u0151 napi \u00e9letritmust biztos\u00edt\u00f3 szolg\u00e1ltat\u00e1st fog ny\u00fajtani \u2013 a helyi ig\u00e9nyeknek \u00e9s az egyes\u00fclet \u00e9let\u00e9hez k\u00f6thet\u0151en k\u00f6z\u00f6ss\u00e9gi programokat is szervez majd. A szolg\u00e1ltat\u00e1sokat nyitott form\u00e1ban, az ell\u00e1totti k\u00f6r \u00e9s a lakoss\u00e1g \u00e1ltal egyar\u00e1nt el\u00e9rhet\u0151 m\u00f3don k\u00edv\u00e1njuk m\u0171k\u00f6dtetni, az autizmussal \u00e9l\u0151k\u00f6n t\u00fal az egy\u00e9b \u00e9rtelmi fogyat\u00e9koss\u00e1ggal \u00e9l\u0151 feln\u0151ttek befogad\u00e1sa mellett.<\/p>\n<p>A fiatalok a nappali foglalkoztat\u00f3hoz kapcsol\u00f3d\u00f3an fejleszt\u0151 foglalkoztat\u00e1s \u2013 k\u00e9s\u0151bb akkredit\u00e1lt foglalkoztat\u00e1s \u2013 keret\u00e9ben k\u00fcl\u00f6nf\u00e9le term\u00e9nyeket dolgozn\u00e1nak fel, melyeket r\u00e9szben saj\u00e1t maguk \u00e1ll\u00edtanak el\u0151 kiskertj\u00fckben, k\u00e9zm\u0171ves term\u00e9keket k\u00e9sz\u00edtenek, illetve helyi termel\u0151kkel egy\u00fcttm\u0171k\u00f6dve csomagol\u00e1si, c\u00edmk\u00e9z\u00e9si feladatokat v\u00e9gezn\u00e9nek. Tev\u00e9kenys\u00e9g\u00fcnk \u00e9s feladataink sor\u00e1n egy\u00fctt k\u00edv\u00e1nunk m\u0171k\u00f6dni m\u00e1s helyi \u00e9s orsz\u00e1gos civil szervezetekkel, k\u00f6z\u00f6ss\u00e9gekkel, helyi termel\u0151kkel.<\/p>\n<p><strong>C\u00e9ljaink megval\u00f3s\u00edt\u00e1s\u00e1t szolg\u00e1ln\u00e1 egy, a telep\u00fcl\u00e9s mellett l\u00e9v\u0151 meggy-\u00fcltetv\u00e9ny.<\/strong> Ennek folyamatos b\u0151v\u00edt\u00e9s\u00e9t, fejleszt\u00e9si ir\u00e1ny\u00e1t m\u00e1r most az ell\u00e1tottakkal elv\u00e9gezhet\u0151 tev\u00e9kenys\u00e9gek, az \u00e9rt\u00e9kes\u00edteni k\u00edv\u00e1nt, magasabb hozz\u00e1adott \u00e9rt\u00e9kkel rendelkez\u0151 term\u00e9kek el\u0151\u00e1ll\u00edt\u00e1s\u00e1nak a t\u00f6rekv\u00e9se szabj\u00e1k meg. Az \u00e9rt\u00e9kes\u00edt\u00e9sb\u0151l sz\u00e1rmaz\u00f3 bev\u00e9telt a m\u0171k\u00f6d\u00e9s mellett, az egyes\u00fclet k\u00f6zhaszn\u00fa tev\u00e9kenys\u00e9g\u00e9re k\u00edv\u00e1njuk felhaszn\u00e1lni. A sz\u00f3ban forg\u00f3 \u00fcltetv\u00e9ny ter\u00fclet\u00e9n m\u00e1r elkezd\u0151d\u00f6tt egy rekre\u00e1ci\u00f3s kert kialak\u00edt\u00e1sa is melyben a munkav\u00e9gz\u00e9s mellett pihen\u0151 r\u00e9szek kialak\u00edt\u00e1s\u00e1val, kerti t\u00f3val, \u00e1llatsimogat\u00f3val a felt\u00f6lt\u0151d\u00e9snek, pihen\u00e9snek is teret tudunk majd adni.<\/p>\n<p>Rengeteg \u00f6tlet\u00fcnk van, t\u00f6bbek k\u00f6z\u00f6tt az itt kialak\u00edtott tereket ny\u00e1ri t\u00e1borok m\u0171k\u00f6dtet\u00e9s\u00e9re is fel tudjuk majd haszn\u00e1lni, melyek bev\u00e9tele szint\u00e9n az egyes\u00fclet, ez\u00e1ltal a fiatalok jav\u00e1t fogja szolg\u00e1lni. Ezen t\u00fal egy\u00fcttm\u0171k\u00f6d\u00e9si meg\u00e1llapod\u00e1sokat szeretn\u00e9nk k\u00f6tni a helyi- \u00e9s k\u00f6rny\u00e9kbeli \u00f6nkorm\u00e1nyzatokkal, a t\u00e9rs\u00e9gben m\u0171k\u00f6d\u0151 nagyobb c\u00e9gekkel, hogy egy-egy z\u00f6ldfel\u00fclet-r\u00e9sz parkfenntart\u00e1si munk\u00e1iban is tev\u00e9kenyen r\u00e9szt vehess\u00fcnk az ilyen jelleg\u0171 munkav\u00e9gz\u00e9sre alkalmas, majdani munkat\u00e1rsainkkal.<\/p>\n<p>[\/et_pb_text][\/et_pb_column][\/et_pb_row][et_pb_row module_class=&#8221;linked&#8221; _builder_version=&#8221;4.27.4&#8243; _module_preset=&#8221;default&#8221; scroll_fade_enable=&#8221;on&#8221; scroll_scaling_enable=&#8221;on&#8221; motion_trigger_start=&#8221;top&#8221; global_colors_info=&#8221;{}&#8221;][et_pb_column type=&#8221;4_4&#8243; _builder_version=&#8221;4.27.4&#8243; _module_preset=&#8221;default&#8221; global_colors_info=&#8221;{}&#8221;][et_pb_image src=&#8221;https:\/\/aranyhazegyesulet.hu\/wp-content\/uploads\/2025\/08\/minimarathon2025.jpg&#8221; alt=&#8221;Autista gyermeket nevel\u0151 csal\u00e1d k\u00f6z\u00f6sen j\u00e1tszik \u00e9p\u00edt\u0151kock\u00e1val.&#8221; title_text=&#8221;minimarathon2025&#8243; _builder_version=&#8221;4.27.4&#8243; _module_preset=&#8221;default&#8221; global_colors_info=&#8221;{}&#8221;][\/et_pb_image][\/et_pb_column][\/et_pb_row][\/et_pb_section][et_pb_section fb_built=&#8221;1&#8243; custom_padding_last_edited=&#8221;on|phone&#8221; admin_label=&#8221;section&#8221; module_id=&#8221;tamogato&#8221; _builder_version=&#8221;4.27.4&#8243; background_color=&#8221;#f4f4f4&#8243; custom_padding=&#8221;78px|||||&#8221; custom_padding_tablet=&#8221;78px|||||&#8221; custom_padding_phone=&#8221;0px||0px||false|false&#8221; global_colors_info=&#8221;{}&#8221;][et_pb_row admin_label=&#8221;row&#8221; _builder_version=&#8221;4.27.4&#8243; background_size=&#8221;initial&#8221; background_position=&#8221;top_left&#8221; background_repeat=&#8221;repeat&#8221; scroll_fade_enable=&#8221;on&#8221; scroll_scaling_enable=&#8221;on&#8221; motion_trigger_start=&#8221;top&#8221; global_colors_info=&#8221;{}&#8221;][et_pb_column type=&#8221;4_4&#8243; _builder_version=&#8221;4.16&#8243; custom_padding=&#8221;|||&#8221; global_colors_info=&#8221;{}&#8221; custom_padding__hover=&#8221;|||&#8221;][dsm_block_reveal_text block_reveal_text=&#8221;T\u00e1mogat\u00f3 szolg\u00e1lat&#8221; block_reveal_color=&#8221;#C0A11A&#8221; block_reveal_delay=&#8221;0.2&#8243; block_reveal_viewport=&#8221;100%&#8221; _builder_version=&#8221;4.27.4&#8243; _module_preset=&#8221;default&#8221; header_font=&#8221;||||||||&#8221; header_text_color=&#8221;#C0A11A&#8221; header_line_height=&#8221;1.3em&#8221; global_colors_info=&#8221;{}&#8221;][\/dsm_block_reveal_text][et_pb_text admin_label=&#8221;Text&#8221; _builder_version=&#8221;4.27.4&#8243; background_size=&#8221;initial&#8221; background_position=&#8221;top_left&#8221; background_repeat=&#8221;repeat&#8221; motion_trigger_start=&#8221;top&#8221; global_colors_info=&#8221;{}&#8221;]<\/p>\n<p>Az arra r\u00e1szorul\u00f3 szem\u00e9lyek sz\u00e1m\u00e1ra a szolg\u00e1ltat\u00e1sok, a k\u00f6zszolg\u00e1ltat\u00e1sok ig\u00e9nybev\u00e9tel\u00e9nek biztos\u00edt\u00e1sa \u00e9rdek\u00e9ben T\u00e1mogat\u00f3 Szolg\u00e1latot hozunk l\u00e9tre, amely biztos\u00edtja a sz\u00fcks\u00e9glet-felm\u00e9r\u00e9sek alapj\u00e1n r\u00e1szorul\u00f3knak a t\u00e1rsadalmi \u00e9letben val\u00f3 r\u00e9szv\u00e9telt.<\/p>\n<h4>A c\u00e9lcsoportr\u00f3l r\u00f6viden:<\/h4>\n<p>Az autizmussal \u00e9l\u0151 feln\u0151tt fiataljaink t\u00f6bbs\u00e9ge a Tatai \u00d3voda, \u00c1ltal\u00e1nos Iskola, Szakiskola, K\u00e9szs\u00e9gfejleszt\u0151 Iskola, Koll\u00e9gium \u00e9s EGYMI int\u00e9zm\u00e9ny jelenlegi \u00e9s volt tanul\u00f3ja. Szeretn\u00e9nk az ott megtanult \u00e9s elsaj\u00e1t\u00edtott k\u00e9szs\u00e9geket, ismereteket tov\u00e1bbfejleszteni \u00e9s kamatoztatni. (Udvaros, irodai kiseg\u00edt\u0151, konyhai kiseg\u00edt\u0151 \u00e9s fonalment\u0151 szakokon tanultak a fiatalok). Meg k\u00edv\u00e1njuk mutatni, hogy kell\u0151 figyelemmel \u00e9s t\u00f6r\u0151d\u00e9ssel a fogyat\u00e9kkal \u00e9l\u0151k is k\u00e9pesek \u00e9rt\u00e9ket teremteni \u00e9s l\u00e9trehozni, hogy mindennapjaikat tev\u00e9kenyen egy k\u00f6z\u00f6ss\u00e9g \u00e9rt\u00e9kes r\u00e9szek\u00e9nt tudj\u00e1k elt\u00f6lteni. A szolg\u00e1ltat\u00e1s tervezett megkezd\u00e9se, nagym\u00e9rt\u00e9ben a lehet\u0151s\u00e9geinkt\u0151l f\u00fcgg. A megfelel\u0151 t\u00e1rgyi felt\u00e9telek, m\u0171k\u00f6d\u00e9si enged\u00e9lyek megszerz\u00e9s\u00e9t k\u00f6vet\u0151en, v\u00e1rhat\u00f3an 2027.<\/p>\n<h4>A szolg\u00e1ltat\u00e1s tervezett helysz\u00edne: Kom\u00e1rom<\/h4>\n<p>A helyi \u00f6nkorm\u00e1nyzathoz jelenleg m\u00e1r eljuttattunk egy k\u00e9relmet, melyben mindezen terveink ismertet\u00e9se mellett k\u00e9rj\u00fck az \u00f6nkorm\u00e1nyzatot, hogy seg\u00edtse az elindul\u00e1sunkat az els\u0151 ingatlanunk biztos\u00edt\u00e1s\u00e1val, egy esetlegesen \u00f6nkorm\u00e1nyzati tulajdon\u00fa, a c\u00e9lnak alkalmas \u00e9p\u00fclet \u00e1tad\u00e1s\u00e1val, amit \u00e1t tudn\u00e1nk alak\u00edtani a nappali ell\u00e1t\u00f3 int\u00e9zm\u00e9ny\u00fcnk elind\u00edt\u00e1s\u00e1hoz. A polg\u00e1rmester \u00far javaslat\u00e1ra \u201eB\u201d tervk\u00e9nt megnevezt\u00fcnk egy konkr\u00e9t, jelenleg is \u00e9ppen elad\u00e1sra k\u00edn\u00e1lt ingatlant az ingatlanpiacr\u00f3l, mely egy\u00e9bk\u00e9nt m\u00e1r egy ideje el is nyerte a tetsz\u00e9s\u00fcnket, a m\u0171k\u00f6d\u00e9shez sz\u00fcks\u00e9ges \u00e1talak\u00edt\u00e1s k\u00f6lts\u00e9geit egy kivitelez\u0151vel felbecs\u00fcltett\u00fck \u00e9s \u00edgy mint egy t\u00e1mogat\u00e1si k\u00e9relmet a hivatal fel\u00e9 beny\u00fajtottuk.<\/p>\n<p>Jelenleg t\u00e1mogat\u00f3 d\u00f6nt\u00e9sre v\u00e1runk, de mindek\u00f6zben megkezdt\u00fck m\u00e1r a k\u00f6z\u00f6s munk\u00e1t is az egyes\u00fcleten bel\u00fcl, akt\u00edvan \u00e9p\u00edtj\u00fck a k\u00f6z\u00f6ss\u00e9g\u00fcnket, rendszeresen tal\u00e1lkozunk, pr\u00f3b\u00e1ljuk tartani, illetve ki\u00e9p\u00edteni a kapcsolatot fiatal lelkes gy\u00f3gypedag\u00f3gus szakemberekkel, illetve tapasztalt autizmus specifikus tud\u00e1ssal \u00e9s tapasztalattal rendelkez\u0151 pedag\u00f3gusokkal, hogy ha elj\u00f6n az id\u0151 legyenek j\u00f3 szakembereink a munk\u00e1hoz.<\/p>\n<p>Sorra l\u00e1togat\u00e1sokat tesz\u00fcnk m\u00e1r m\u0171k\u00f6d\u0151 egyes\u00fcletekn\u00e9l, int\u00e9zm\u00e9nyekn\u00e9l \u00e9s m\u00e9g az idei \u00e9vben tervez\u00fcnk elind\u00edtani bizonyos tev\u00e9kenys\u00e9geket az egyes\u00fcleti d\u00e9lut\u00e1nokon, hogy legyenek megjelen\u00e9sre alkalmas produktumaink, amikkel meg tudjuk alapozni az egyes\u00fclet\u00fcnk j\u00f3 h\u00edrnev\u00e9t, ismerts\u00e9g\u00e9t, illetve a foglalkoztatottjainknak legyenek alternat\u00edv\u00e1ik az id\u0151 hasznos \u00e9s tev\u00e9keny elt\u00f6lt\u00e9s\u00e9re a k\u00e9s\u0151bbiekben, amikor megindulhat az int\u00e9zm\u00e9ny \u00e9s a k\u00f6z\u00f6s munka.<\/p>\n<p>[\/et_pb_text][\/et_pb_column][\/et_pb_row][\/et_pb_section][et_pb_section fb_built=&#8221;1&#8243; admin_label=&#8221;section&#8221; module_id=&#8221;help&#8221; _builder_version=&#8221;4.27.4&#8243; custom_padding=&#8221;89px||54px|||&#8221; global_colors_info=&#8221;{}&#8221;][et_pb_row column_structure=&#8221;1_2,1_2&#8243; make_equal=&#8221;on&#8221; custom_padding_last_edited=&#8221;on|phone&#8221; _builder_version=&#8221;4.27.4&#8243; _module_preset=&#8221;default&#8221; background_color=&#8221;#C0A11A&#8221; custom_margin=&#8221;-52px|auto||auto||&#8221; custom_padding_tablet=&#8221;&#8221; custom_padding_phone=&#8221;0px||0px||false|false&#8221; scroll_fade_enable=&#8221;on&#8221; scroll_fade=&#8221;0|43|43|100|0|100|100&#8243; scroll_scaling_enable=&#8221;on&#8221; scroll_scaling=&#8221;0|36|36|100|70|100|100&#8243; scroll_rotating_enable=&#8221;on&#8221; scroll_rotating=&#8221;0|22|22|100|-15\u00b0|-5\u00b0|-5\u00b0&#8221; border_width_all=&#8221;3px&#8221; border_color_all=&#8221;#FFFFFF&#8221; box_shadow_style=&#8221;preset1&#8243; global_colors_info=&#8221;{}&#8221;][et_pb_column type=&#8221;1_2&#8243; _builder_version=&#8221;4.27.4&#8243; _module_preset=&#8221;default&#8221; global_colors_info=&#8221;{}&#8221;][dsm_block_reveal_text block_reveal_text=&#8221;Hogyan seg\u00edthet?&#8221; block_reveal_color=&#8221;#C0A11A&#8221; block_reveal_delay=&#8221;0.2&#8243; block_reveal_viewport=&#8221;100%&#8221; _builder_version=&#8221;4.27.4&#8243; _module_preset=&#8221;default&#8221; header_font=&#8221;||||||||&#8221; header_text_align=&#8221;center&#8221; header_text_color=&#8221;#FFFFFF&#8221; header_font_size=&#8221;33px&#8221; header_line_height=&#8221;1.6em&#8221; custom_margin=&#8221;32px||12px||false|false&#8221; global_colors_info=&#8221;{}&#8221;][\/dsm_block_reveal_text][dsm_block_reveal_text block_reveal_text=&#8221;1%&#8221; block_reveal_color=&#8221;#C0A11A&#8221; block_reveal_delay=&#8221;0.9&#8243; block_reveal_viewport=&#8221;100%&#8221; _builder_version=&#8221;4.27.6&#8243; _module_preset=&#8221;default&#8221; header_font=&#8221;||||||||&#8221; header_text_align=&#8221;center&#8221; header_text_color=&#8221;#FFFFFF&#8221; header_font_size=&#8221;10em&#8221; custom_padding_tablet=&#8221;&#8221; custom_padding_phone=&#8221;||0px||false|false&#8221; custom_padding_last_edited=&#8221;on|phone&#8221; hover_enabled=&#8221;0&#8243; global_colors_info=&#8221;{}&#8221; sticky_enabled=&#8221;0&#8243;][\/dsm_block_reveal_text][\/et_pb_column][et_pb_column type=&#8221;1_2&#8243; _builder_version=&#8221;4.27.4&#8243; _module_preset=&#8221;default&#8221; global_colors_info=&#8221;{}&#8221;][et_pb_testimonial quote_icon=&#8221;off&#8221; _builder_version=&#8221;4.27.6&#8243; _module_preset=&#8221;default&#8221; body_text_color=&#8221;#FFFFFF&#8221; body_font_size=&#8221;19px&#8221; author_text_color=&#8221;#FFFFFF&#8221; author_font_size=&#8221;20px&#8221; position_text_color=&#8221;#000000&#8243; company_font=&#8221;||||||||&#8221; company_text_color=&#8221;#000000&#8243; background_color=&#8221;RGBA(255,255,255,0)&#8221; custom_padding_tablet=&#8221;&#8221; custom_padding_phone=&#8221;0px||28px||false|false&#8221; custom_padding_last_edited=&#8221;on|phone&#8221; hover_enabled=&#8221;0&#8243; global_colors_info=&#8221;{}&#8221; sticky_enabled=&#8221;0&#8243;]<\/p>\n<p>K\u00e9rj\u00fck, seg\u00edtse munk\u00e1nkat adom\u00e1ny\u00e1val. Az al\u00e1bbi sz\u00e1mlasz\u00e1mra v\u00e1rjuk felaj\u00e1nl\u00e1saikat c\u00e9ljaink el\u00e9r\u00e9s\u00e9hez. V\u00e1rjuk tov\u00e1bb\u00e1 <strong>ad\u00f3ja 1%-\u00e1nak<\/strong> felaj\u00e1nl\u00e1s\u00e1t.<br \/><strong>Ad\u00f3sz\u00e1munk: 19226264-1-11<br \/><\/strong>Banksz\u00e1mlasz\u00e1munk:<br \/><strong>OTP Bank: 11740030-24040347<\/strong><br \/><strong><\/strong><\/p>\n<p>[\/et_pb_testimonial][\/et_pb_column][\/et_pb_row][\/et_pb_section]<\/p>\n","protected":false},"excerpt":{"rendered":"<p>Hossz\u00fa \u00e9veken \u00e1t sikeresen m\u0171k\u00f6d\u00f6tt a kom\u00e1romi sz\u00e9khely\u0171 Csudij\u00f3 Egyes\u00fclet, melynek c\u00e9lja \u00e9s f\u0151 tev\u00e9kenys\u00e9ge fiatalok szabadid\u0151s tev\u00e9kenys\u00e9g\u00e9nek elt\u00f6lt\u00e9s\u00e9hez programok szervez\u00e9se, gyermekek \u00e9s fiatalok t\u00e1boroztat\u00e1sa. A j\u00e1t\u00e9kos, k\u00e9zm\u0171ves \u00e9s hagyom\u00e1ny\u00e1pol\u00f3 tev\u00e9kenys\u00e9gek szervez\u00e9se sor\u00e1n az \u00e9p fiatalok s\u00e9r\u00fclt t\u00e1rsaikkal egy\u00fcttesen, k\u00f6z\u00f6sen vehettek r\u00e9szt a tev\u00e9kenys\u00e9gekben, azaz egyfajta t\u00e1rsadalmi \u00e9rz\u00e9keny\u00edt\u0151 tev\u00e9kenys\u00e9get is ell\u00e1tott az egyes\u00fclet.2025. \u00e9vben szem\u00e9lyes \u00e9rintetts\u00e9gek ok\u00e1n az egyes\u00fclet f\u0151 c\u00e9ljait \u00e9s tev\u00e9kenys\u00e9g\u00e9t \u00fajragondolva, r\u00e9szben meg\u00fajulva, tagl\u00e9tsz\u00e1m\u00e1t megsokszorozva \u00faj n\u00e9ven \u2013 imm\u00e1r Aranyh\u00e1z Egyes\u00fcletk\u00e9nt folytatja munk\u00e1j\u00e1t k\u00f6z\u00f6ss\u00e9g\u00fcnk.Egyes\u00fclet\u00fcnk f\u0151 c\u00e9lja egy hi\u00e1nyz\u00f3 szoci\u00e1lis ell\u00e1t\u00e1s l\u00e9trehoz\u00e1sa \u00e9s m\u0171k\u00f6dtet\u00e9se, mely a t\u00e9rs\u00e9g\u00fcnkben az autizmussal \u00e9l\u0151 feln\u0151tt szem\u00e9lyek nappali ell\u00e1t\u00e1s\u00e1t, a hossz\u00fa t\u00e1v\u00fa lakhat\u00e1st ny\u00fajt\u00f3 ell\u00e1t\u00e1s\u00e1t fogja megoldani. A jelenlegi ell\u00e1t\u00e1sok nem tudj\u00e1k lefedni a jelentkez\u0151 ig\u00e9nyeket. Ezen k\u00edv\u00e1nunk v\u00e1ltoztatni. Olyan szolg\u00e1ltat\u00e1sok l\u00e9treh\u00edv\u00e1s\u00e1t \u00e1lmodtuk meg \u00e9s t\u0171zt\u00fck ki c\u00e9lk\u00e9nt, amely el\u0151seg\u00edti az autizmussal \u00e9s \u00e9rtelmi fogyat\u00e9koss\u00e1ggal \u00e9l\u0151 feln\u0151tt szem\u00e9lyek v\u00e9dett foglalkoztat\u00e1s\u00e1t \u00e9s fejl\u0151d\u00e9s\u00fcket, ezzel egy\u00fctt az es\u00e9lyegyenl\u0151s\u00e9get \u00e9s a t\u00e1rsadalomba val\u00f3 beilleszked\u00e9s\u00fcket.<div class=\"et_pb_module dsm_block_reveal_text dsm_block_reveal_text_0\">\n\t\t\t\t\n\t\t\t\t\n\t\t\t\t\n\t\t\t\t\n\t\t\t\t\n\t\t\t\t\n\t\t\t\t<div class=\"et_pb_module_inner\">\n\t\t\t\t\t<div class=\"dsm_block_reveal_text_wrapper\" data-dsm-block-reveal-animation=\"lr\" data-dsm-block-reveal-color=\"#C0A11A\" data-dsm-block-reveal-delay=\"0.2\" data-dsm-block-reveal-viewport=\"100%\"><h2 class=\"dsm_block_reveal_text_header et_pb_module_header\">Nappali ell\u00e1t\u00e1s<\/h2><\/div>\n\t\t\t\t<\/div>\n\t\t\t<\/div>A szoci\u00e1lis ell\u00e1t\u00e1s keret\u00e9ben a l\u00e9trehozott nappali int\u00e9zm\u00e9ny \u00e9s t\u00e1mogatott lakhat\u00e1s biztos\u00edtja majd valamennyi szoci\u00e1lis szolg\u00e1ltat\u00e1si elemet: az esetkezel\u00e9st, a tan\u00e1csad\u00e1st, a pedag\u00f3giai- \u00e9s gy\u00f3gypedag\u00f3giai szolg\u00e1ltat\u00e1st, k\u00e9szs\u00e9gfejleszt\u00e9st, h\u00e1ztart\u00e1si- vagy h\u00e1ztart\u00e1st p\u00f3tl\u00f3 seg\u00edts\u00e9gny\u00fajt\u00e1st, \u00e9tkeztet\u00e9st, gondoz\u00e1st \u00e9s fel\u00fcgyeletet. A tev\u00e9kenys\u00e9gek sor\u00e1n az ell\u00e1t\u00e1st ig\u00e9nybe [&hellip;]<\/p>\n","protected":false},"author":1,"featured_media":0,"parent":0,"menu_order":0,"comment_status":"closed","ping_status":"open","template":"","meta":{"_et_pb_use_builder":"on","_et_pb_old_content":"<!-- wp:paragraph -->\n<p>This is an example page. It's different from a blog post because it will stay in one place and will show up in your site navigation (in most themes). Most people start with an About page that introduces them to potential site visitors. It might say something like this:<\/p>\n<!-- \/wp:paragraph -->\n\n<!-- wp:quote -->\n<blockquote class=\"wp-block-quote\"><p>Hi there! I'm a bike messenger by day, aspiring actor by night, and this is my website. I live in Los Angeles, have a great dog named Jack, and I like pi&#241;a coladas. (And gettin' caught in the rain.)<\/p><\/blockquote>\n<!-- \/wp:quote -->\n\n<!-- wp:paragraph -->\n<p>...or something like this:<\/p>\n<!-- \/wp:paragraph -->\n\n<!-- wp:quote -->\n<blockquote class=\"wp-block-quote\"><p>The XYZ Doohickey Company was founded in 1971, and has been providing quality doohickeys to the public ever since. Located in Gotham City, XYZ employs over 2,000 people and does all kinds of awesome things for the Gotham community.<\/p><\/blockquote>\n<!-- \/wp:quote -->\n\n<!-- wp:paragraph -->\n<p>As a new WordPress user, you should go to <a href=\"https:\/\/aranyhazegyesulet.hu\/wp-admin\/\">your dashboard<\/a> to delete this page and create new pages for your content. Have fun!<\/p>\n<!-- \/wp:paragraph -->","_et_gb_content_width":"","footnotes":""},"class_list":["post-2","page","type-page","status-publish","hentry"],"_links":{"self":[{"href":"https:\/\/aranyhazegyesulet.hu\/index.php\/wp-json\/wp\/v2\/pages\/2","targetHints":{"allow":["GET"]}}],"collection":[{"href":"https:\/\/aranyhazegyesulet.hu\/index.php\/wp-json\/wp\/v2\/pages"}],"about":[{"href":"https:\/\/aranyhazegyesulet.hu\/index.php\/wp-json\/wp\/v2\/types\/page"}],"author":[{"embeddable":true,"href":"https:\/\/aranyhazegyesulet.hu\/index.php\/wp-json\/wp\/v2\/users\/1"}],"replies":[{"embeddable":true,"href":"https:\/\/aranyhazegyesulet.hu\/index.php\/wp-json\/wp\/v2\/comments?post=2"}],"version-history":[{"count":52,"href":"https:\/\/aranyhazegyesulet.hu\/index.php\/wp-json\/wp\/v2\/pages\/2\/revisions"}],"predecessor-version":[{"id":176,"href":"https:\/\/aranyhazegyesulet.hu\/index.php\/wp-json\/wp\/v2\/pages\/2\/revisions\/176"}],"wp:attachment":[{"href":"https:\/\/aranyhazegyesulet.hu\/index.php\/wp-json\/wp\/v2\/media?parent=2"}],"curies":[{"name":"wp","href":"https:\/\/api.w.org\/{rel}","templated":true}]}}