{"id":181,"date":"2026-04-01T17:41:45","date_gmt":"2026-04-01T17:41:45","guid":{"rendered":"https:\/\/aranyhazegyesulet.hu\/?page_id=181"},"modified":"2026-04-01T18:41:11","modified_gmt":"2026-04-01T18:41:11","slug":"terapias-kert","status":"publish","type":"page","link":"https:\/\/aranyhazegyesulet.hu\/index.php\/terapias-kert\/","title":{"rendered":"Ter\u00e1pi\u00e1s kert"},"content":{"rendered":"<p>[et_pb_section fb_built=&#8221;1&#8243; _builder_version=&#8221;4.27.6&#8243; _module_preset=&#8221;default&#8221; global_colors_info=&#8221;{}&#8221;][et_pb_row _builder_version=&#8221;4.27.6&#8243; _module_preset=&#8221;default&#8221; global_colors_info=&#8221;{}&#8221;][et_pb_column type=&#8221;4_4&#8243; _builder_version=&#8221;4.27.6&#8243; _module_preset=&#8221;default&#8221; global_colors_info=&#8221;{}&#8221;][et_pb_image src=&#8221;https:\/\/aranyhazegyesulet.hu\/wp-content\/uploads\/2026\/04\/banner.jpg&#8221; title_text=&#8221;banner&#8221; _builder_version=&#8221;4.27.6&#8243; _module_preset=&#8221;default&#8221; border_radii=&#8221;on|1px|1px|1px|1px&#8221; border_width_all=&#8221;3px&#8221; border_color_all=&#8221;#0a6c6b&#8221; global_colors_info=&#8221;{}&#8221;][\/et_pb_image][et_pb_text _builder_version=&#8221;4.27.6&#8243; _module_preset=&#8221;default&#8221; global_colors_info=&#8221;{}&#8221;]<\/p>\n<h1>Ter\u00e1pi\u00e1s kert kialak\u00edt\u00e1sa <br \/>a Meggyes Kertben<\/h1>\n<p>[\/et_pb_text][et_pb_text _builder_version=&#8221;4.27.6&#8243; _module_preset=&#8221;default&#8221; global_colors_info=&#8221;{}&#8221;]<\/p>\n<div id=\":1xk\" class=\"Am aiL Al editable LW-avf tS-tW tS-tY\" hidefocus=\"true\" aria-label=\"\u00dczenet t\u00f6rzse\" writingsuggestions=\"false\" g_editable=\"true\" role=\"textbox\" aria-multiline=\"true\" contenteditable=\"true\" itacorner=\"6,7:1,1,0,0\" spellcheck=\"false\" aria-owns=\":2yf\" aria-controls=\":2yf\" aria-expanded=\"false\" tabindex=\"1\">\n<p>Az Aranyh\u00e1z Egyes\u00fclet f\u0151 c\u00e9lja szoci\u00e1lis alapell\u00e1t\u00e1s, nappali foglalkoztat\u00f3, illetve hossz\u00fa t\u00e1von lakhat\u00e1st is biztos\u00edt\u00f3 ell\u00e1t\u00e1s l\u00e9trehoz\u00e1sa els\u0151sorban autizmussal \u00e9rintett fiatalok sz\u00e1m\u00e1ra. A foglalkoztat\u00e1s tervezett sz\u00ednhely\u00e9\u00fcl fog szolg\u00e1lni a\u00a0 meggy\u00fcltetv\u00e9ny, melyhez szervesen kapcsol\u00f3dik egy rekre\u00e1ci\u00f3s \u00e9s ter\u00e1pi\u00e1s kert is, mely els\u0151sorban az \u00e9rintett fiatalok sz\u00e1m\u00e1ra ny\u00fajt lehet\u0151s\u00e9get \u00e9s alkalmat az id\u0151 hasznos elt\u00f6lt\u00e9s\u00e9re valamint kikapcsol\u00f3d\u00e1sra. A tervezett rekre\u00e1ci\u00f3s kertben kerti t\u00f3, \u00e1llatsimogat\u00f3 wallipini \u00fcvegh\u00e1zak, magas\u00e1gy\u00e1sok megval\u00f3s\u00edt\u00e1s\u00e1t tervezz\u00fck.<\/p>\n<div>Az elnyert p\u00e1ly\u00e1zati forr\u00e1sb\u00f3l az \u00e1rutermel\u0151 kert\u00e9szeti tev\u00e9kenys\u00e9g ir\u00e1ny\u00e1ban, a n\u00f6v\u00e9nyfajok diverzit\u00e1s\u00e1nak n\u00f6vel\u00e9se a c\u00e9lunk. Egyfel\u0151l \u0151shonos, a ter\u00fclet adotts\u00e1gaihoz j\u00f3l alkalmazkod\u00f3 gy\u00fcm\u00f6lcsterm\u0151 n\u00f6v\u00e9nyfajokat telep\u00edt\u00fcnk a jelenleg megl\u00e9v\u0151 meggy\u00fcltetv\u00e9ny mell\u00e9. Csipkebogy\u00f3t, galagony\u00e1t, k\u00f6k\u00e9nyt \u00e9s h\u00fasos somot. A gy\u00fcm\u00f6lcs\u00f6ket feldolgozva, magasabb hozz\u00e1adott \u00e9rt\u00e9kkel szeretn\u00e9nk \u00e9rt\u00e9kes\u00edteni. A feldolgoz\u00e1s szinte minden folyamat\u00e1ba bevonn\u00e1nk az autista fiatalokat. A rekre\u00e1ci\u00f3s kert kialak\u00edt\u00e1s\u00e1nak egyik meghat\u00e1roz\u00f3 eleme lesz egy d\u00edszt\u00f3. A v\u00edz mint pozit\u00edv, megnyugtat\u00f3 kert\u00e9p\u00edt\u00e9szeti elem j\u00f3 hat\u00e1ssal lesz az itt tart\u00f3zkod\u00f3kra, de \u00f6nt\u00f6z\u0151t\u00f3 funkci\u00f3ja is lesz.<\/div>\n<div><\/div>\n<div>A tervezett nappali ell\u00e1t\u00f3 int\u00e9zm\u00e9ny\u00fcnkben 10-15 f\u0151 autizmussal \u00e9l\u0151 fiatal lesz jelen, els\u0151sorban az \u0151 foglalkoztat\u00e1suk a c\u00e9l. Mellett\u00fck azonban a ny\u00e1ri sz\u00fcnetekben, t\u00e1borok sz\u00ednhelye is lesz a kert. A nappali ell\u00e1t\u00f3val programj\u00e1val egyeztetve a ny\u00e1r folyam\u00e1n t\u00f6bb turnus t\u00e1borral sz\u00e1molunk, bevonva ezzel a k\u00f6rny\u00e9kben l\u00e9v\u0151 iskol\u00e1kat, \u00edgy seg\u00edtve ez\u00e1ltal az autizmussal \u00e9l\u0151 fiataljaink megismer\u00e9s\u00e9t, az elfogad\u00e1st.<\/div>\n<\/div>\n<p>[\/et_pb_text][et_pb_blurb title=&#8221;MOL \u2013 \u00daj Eur\u00f3pa Alap\u00edtv\u00e1ny p\u00e1ly\u00e1zat&#8221; url=&#8221;@ET-DC@eyJkeW5hbWljIjp0cnVlLCJjb250ZW50IjoicG9zdF9saW5rX3VybF9hdHRhY2htZW50Iiwic2V0dGluZ3MiOnsicG9zdF9pZCI6IjE4OSJ9fQ==@&#8221; url_new_window=&#8221;on&#8221; use_icon=&#8221;on&#8221; font_icon=&#8221;&#xf1c1;||fa||400&#8243; icon_color=&#8221;rgba(0,0,0,0.37)&#8221; icon_placement=&#8221;left&#8221; _builder_version=&#8221;4.27.6&#8243; _dynamic_attributes=&#8221;url,link_option_url&#8221; _module_preset=&#8221;default&#8221; header_text_color=&#8221;rgba(0,0,0,0.56)&#8221; header_line_height=&#8221;1.8em&#8221; custom_margin=&#8221;||3px|||&#8221; custom_padding=&#8221;||0px|||&#8221; link_option_url=&#8221;@ET-DC@eyJkeW5hbWljIjp0cnVlLCJjb250ZW50IjoicG9zdF9saW5rX3VybF9hdHRhY2htZW50Iiwic2V0dGluZ3MiOnsicG9zdF9pZCI6IjE4OSJ9fQ==@&#8221; link_option_url_new_window=&#8221;on&#8221; locked=&#8221;off&#8221; global_colors_info=&#8221;{}&#8221;][\/et_pb_blurb][\/et_pb_column][\/et_pb_row][\/et_pb_section]<\/p>\n","protected":false},"excerpt":{"rendered":"<p>Ter\u00e1pi\u00e1s kert kialak\u00edt\u00e1sa a Meggyes Kertben Az Aranyh\u00e1z Egyes\u00fclet f\u0151 c\u00e9lja szoci\u00e1lis alapell\u00e1t\u00e1s, nappali foglalkoztat\u00f3, illetve hossz\u00fa t\u00e1von lakhat\u00e1st is biztos\u00edt\u00f3 ell\u00e1t\u00e1s l\u00e9trehoz\u00e1sa els\u0151sorban autizmussal \u00e9rintett fiatalok sz\u00e1m\u00e1ra. A foglalkoztat\u00e1s tervezett sz\u00ednhely\u00e9\u00fcl fog szolg\u00e1lni a\u00a0 meggy\u00fcltetv\u00e9ny, melyhez szervesen kapcsol\u00f3dik egy rekre\u00e1ci\u00f3s \u00e9s ter\u00e1pi\u00e1s kert is, mely els\u0151sorban az \u00e9rintett fiatalok sz\u00e1m\u00e1ra ny\u00fajt lehet\u0151s\u00e9get \u00e9s alkalmat az id\u0151 hasznos elt\u00f6lt\u00e9s\u00e9re valamint kikapcsol\u00f3d\u00e1sra. A tervezett rekre\u00e1ci\u00f3s kertben kerti t\u00f3, \u00e1llatsimogat\u00f3 wallipini \u00fcvegh\u00e1zak, magas\u00e1gy\u00e1sok megval\u00f3s\u00edt\u00e1s\u00e1t tervezz\u00fck. Az elnyert p\u00e1ly\u00e1zati forr\u00e1sb\u00f3l az \u00e1rutermel\u0151 kert\u00e9szeti tev\u00e9kenys\u00e9g ir\u00e1ny\u00e1ban, a n\u00f6v\u00e9nyfajok diverzit\u00e1s\u00e1nak n\u00f6vel\u00e9se a c\u00e9lunk. Egyfel\u0151l \u0151shonos, a ter\u00fclet adotts\u00e1gaihoz j\u00f3l alkalmazkod\u00f3 gy\u00fcm\u00f6lcsterm\u0151 n\u00f6v\u00e9nyfajokat telep\u00edt\u00fcnk a jelenleg megl\u00e9v\u0151 meggy\u00fcltetv\u00e9ny mell\u00e9. Csipkebogy\u00f3t, galagony\u00e1t, k\u00f6k\u00e9nyt \u00e9s h\u00fasos somot. A gy\u00fcm\u00f6lcs\u00f6ket feldolgozva, magasabb hozz\u00e1adott \u00e9rt\u00e9kkel szeretn\u00e9nk \u00e9rt\u00e9kes\u00edteni. A feldolgoz\u00e1s szinte minden folyamat\u00e1ba bevonn\u00e1nk az autista fiatalokat. A rekre\u00e1ci\u00f3s kert kialak\u00edt\u00e1s\u00e1nak egyik meghat\u00e1roz\u00f3 eleme lesz egy d\u00edszt\u00f3. A v\u00edz mint pozit\u00edv, megnyugtat\u00f3 kert\u00e9p\u00edt\u00e9szeti elem j\u00f3 hat\u00e1ssal lesz az itt tart\u00f3zkod\u00f3kra, de \u00f6nt\u00f6z\u0151t\u00f3 funkci\u00f3ja is lesz. A tervezett nappali ell\u00e1t\u00f3 int\u00e9zm\u00e9ny\u00fcnkben 10-15 f\u0151 autizmussal \u00e9l\u0151 fiatal lesz jelen, els\u0151sorban az \u0151 foglalkoztat\u00e1suk a c\u00e9l. Mellett\u00fck azonban a ny\u00e1ri sz\u00fcnetekben, t\u00e1borok sz\u00ednhelye is lesz a kert. A nappali ell\u00e1t\u00f3val programj\u00e1val egyeztetve a ny\u00e1r folyam\u00e1n t\u00f6bb turnus t\u00e1borral sz\u00e1molunk, bevonva ezzel a k\u00f6rny\u00e9kben l\u00e9v\u0151 [&hellip;]<\/p>\n","protected":false},"author":1,"featured_media":0,"parent":0,"menu_order":0,"comment_status":"closed","ping_status":"closed","template":"","meta":{"_et_pb_use_builder":"on","_et_pb_old_content":"","_et_gb_content_width":"","footnotes":""},"class_list":["post-181","page","type-page","status-publish","hentry"],"_links":{"self":[{"href":"https:\/\/aranyhazegyesulet.hu\/index.php\/wp-json\/wp\/v2\/pages\/181","targetHints":{"allow":["GET"]}}],"collection":[{"href":"https:\/\/aranyhazegyesulet.hu\/index.php\/wp-json\/wp\/v2\/pages"}],"about":[{"href":"https:\/\/aranyhazegyesulet.hu\/index.php\/wp-json\/wp\/v2\/types\/page"}],"author":[{"embeddable":true,"href":"https:\/\/aranyhazegyesulet.hu\/index.php\/wp-json\/wp\/v2\/users\/1"}],"replies":[{"embeddable":true,"href":"https:\/\/aranyhazegyesulet.hu\/index.php\/wp-json\/wp\/v2\/comments?post=181"}],"version-history":[{"count":6,"href":"https:\/\/aranyhazegyesulet.hu\/index.php\/wp-json\/wp\/v2\/pages\/181\/revisions"}],"predecessor-version":[{"id":201,"href":"https:\/\/aranyhazegyesulet.hu\/index.php\/wp-json\/wp\/v2\/pages\/181\/revisions\/201"}],"wp:attachment":[{"href":"https:\/\/aranyhazegyesulet.hu\/index.php\/wp-json\/wp\/v2\/media?parent=181"}],"curies":[{"name":"wp","href":"https:\/\/api.w.org\/{rel}","templated":true}]}}